{"id":487,"date":"2021-11-23T14:26:01","date_gmt":"2021-11-23T13:26:01","guid":{"rendered":"https:\/\/muzykolo.web.amu.edu.pl\/?page_id=487"},"modified":"2022-08-17T10:53:08","modified_gmt":"2022-08-17T08:53:08","slug":"book-publications-from-2010","status":"publish","type":"page","link":"https:\/\/arthist.amu.edu.pl\/en\/book-publications-from-2010\/","title":{"rendered":"Book publications (from 2010)"},"content":{"rendered":"\t\t\t<div class=\"novelist-book-list novelist-book-columns-3\">\n\t\t\t\t\t\t\t\t\t<div id=\"novelist-book-2129\" class=\"novelist-book novelist-covers-align-center\" itemscope itemtype=\"http:\/\/schema.org\/Book\">\n\t\t\t\t\t\t<div class=\"novelist-book-cover-image\">\n\t<a href=\"https:\/\/arthist.amu.edu.pl\/en\/books\/image-as-the-theoretical-object\/\" title=\"Image as the Theoretical Object\">\n\t\t<img loading=\"lazy\" decoding=\"async\" width=\"251\" height=\"375\" src=\"https:\/\/arthist.amu.edu.pl\/en\/wp-content\/uploads\/sites\/2\/2022\/08\/Obraz-jako-obiekt-teoretyczny.-Studia-z-teorii-i-historii-badan-nad-sztuka.jpg\" class=\"attachment-315x375 size-315x375\" alt=\"\" srcset=\"https:\/\/arthist.amu.edu.pl\/en\/wp-content\/uploads\/sites\/2\/2022\/08\/Obraz-jako-obiekt-teoretyczny.-Studia-z-teorii-i-historii-badan-nad-sztuka.jpg 300w, https:\/\/arthist.amu.edu.pl\/en\/wp-content\/uploads\/sites\/2\/2022\/08\/Obraz-jako-obiekt-teoretyczny.-Studia-z-teorii-i-historii-badan-nad-sztuka-201x300.jpg 201w\" sizes=\"auto, (max-width: 251px) 100vw, 251px\" \/>\t<\/a>\n<\/div>\n<h3 itemprop=\"name\" class=\"novelist-book-title\">\n\t<a title=\"Image as the Theoretical Object\" itemprop=\"url\" href=\"https:\/\/arthist.amu.edu.pl\/en\/books\/image-as-the-theoretical-object\/\">Image as the Theoretical Object<\/a>\n<\/h3>\n\n\t<div itemprop=\"description\" class=\"novelist-book-excerpt\">\n\t\tImage as the Theoretical Object is a second in a series after Strong Images \u2013 Weak Images (2018). It is a collection of essays written as a result of art&hellip;\t<\/div>\n\t\t\t\t\t<\/div>\n\t\t\t\t\t\t\t\t\t<div id=\"novelist-book-2127\" class=\"novelist-book novelist-covers-align-center\" itemscope itemtype=\"http:\/\/schema.org\/Book\">\n\t\t\t\t\t\t<div class=\"novelist-book-cover-image\">\n\t<a href=\"https:\/\/arthist.amu.edu.pl\/en\/books\/lost-masterpieces-the-fortunes-of-jozef-pankiewiczs-painting-the-vegetable-market\/\" title=\"Lost Masterpieces. The Fortunes of J\u00f3zef Pankiewicz\u2019s Painting &#8220;The Vegetable Market&#8221;\">\n\t\t<img loading=\"lazy\" decoding=\"async\" width=\"268\" height=\"375\" src=\"https:\/\/arthist.amu.edu.pl\/en\/wp-content\/uploads\/sites\/2\/2022\/08\/Utracone-arcydzielo.-Losy-obrazu-\u201eTarg-na-jarzyny-Jozefa-Pankiewicza.jpg\" class=\"attachment-315x375 size-315x375\" alt=\"\" srcset=\"https:\/\/arthist.amu.edu.pl\/en\/wp-content\/uploads\/sites\/2\/2022\/08\/Utracone-arcydzielo.-Losy-obrazu-\u201eTarg-na-jarzyny-Jozefa-Pankiewicza.jpg 428w, https:\/\/arthist.amu.edu.pl\/en\/wp-content\/uploads\/sites\/2\/2022\/08\/Utracone-arcydzielo.-Losy-obrazu-\u201eTarg-na-jarzyny-Jozefa-Pankiewicza-214x300.jpg 214w\" sizes=\"auto, (max-width: 268px) 100vw, 268px\" \/>\t<\/a>\n<\/div>\n<h3 itemprop=\"name\" class=\"novelist-book-title\">\n\t<a title=\"Lost Masterpieces. The Fortunes of J\u00f3zef Pankiewicz\u2019s Painting &#8220;The Vegetable Market&#8221;\" itemprop=\"url\" href=\"https:\/\/arthist.amu.edu.pl\/en\/books\/lost-masterpieces-the-fortunes-of-jozef-pankiewiczs-painting-the-vegetable-market\/\">Lost Masterpieces. The Fortunes of J\u00f3zef Pankiewicz\u2019s Painting &#8220;The Vegetable Market&#8221;<\/a>\n<\/h3>\n\n\t<div itemprop=\"description\" class=\"novelist-book-excerpt\">\n\t\tPozna\u0144's National Museum houses a painting titled \u201cThe Vegetable Market\u201d, which is regarded as having been painted by J\u00f3zef Pankiewicz in 1888. However, there is an old photograph depicting the&hellip;\t<\/div>\n\t\t\t\t\t<\/div>\n\t\t\t\t\t\t\t\t\t<div id=\"novelist-book-2125\" class=\"novelist-book novelist-covers-align-center\" itemscope itemtype=\"http:\/\/schema.org\/Book\">\n\t\t\t\t\t\t<div class=\"novelist-book-cover-image\">\n\t<a href=\"https:\/\/arthist.amu.edu.pl\/en\/books\/medieval-architecture-of-western-pomerania\/\" title=\"Medieval Architecture of Western Pomerania\">\n\t\t<img loading=\"lazy\" decoding=\"async\" width=\"278\" height=\"375\" src=\"https:\/\/arthist.amu.edu.pl\/en\/wp-content\/uploads\/sites\/2\/2022\/08\/Architektura-sredniowieczna-Pomorza-Zachodniego-1.jpg\" class=\"attachment-315x375 size-315x375\" alt=\"\" srcset=\"https:\/\/arthist.amu.edu.pl\/en\/wp-content\/uploads\/sites\/2\/2022\/08\/Architektura-sredniowieczna-Pomorza-Zachodniego-1.jpg 418w, https:\/\/arthist.amu.edu.pl\/en\/wp-content\/uploads\/sites\/2\/2022\/08\/Architektura-sredniowieczna-Pomorza-Zachodniego-1-223x300.jpg 223w\" sizes=\"auto, (max-width: 278px) 100vw, 278px\" \/>\t<\/a>\n<\/div>\n<h3 itemprop=\"name\" class=\"novelist-book-title\">\n\t<a title=\"Medieval Architecture of Western Pomerania\" itemprop=\"url\" href=\"https:\/\/arthist.amu.edu.pl\/en\/books\/medieval-architecture-of-western-pomerania\/\">Medieval Architecture of Western Pomerania<\/a>\n<\/h3>\n\n\t<div itemprop=\"description\" class=\"novelist-book-excerpt\">\n\t\tPublikacja jest pr\u00f3b\u0105 zarysowania w miar\u0119 wielostronnego obrazu \u015bredniowiecznej architektury Pomorza Zachodniego, jej g\u0142\u00f3wnych nurt\u00f3w i problem\u00f3w. Cho\u0107 obszar ten obfituje w dzie\u0142a architektury \u015bredniowiecznej \u2013 niejednokrotnie wybitnej jako\u015bci i&hellip;\t<\/div>\n\t\t\t\t\t<\/div>\n\t\t\t\t\t\t\t\t\t<div id=\"novelist-book-2123\" class=\"novelist-book novelist-covers-align-center\" itemscope itemtype=\"http:\/\/schema.org\/Book\">\n\t\t\t\t\t\t<div class=\"novelist-book-cover-image\">\n\t<a href=\"https:\/\/arthist.amu.edu.pl\/en\/books\/foto-oko-wizja-fotograficzna-wobec-okularocentryzmu-w-sztuce-i-polowy-xx-wieku-2\/\" title=\"Foto-oko. Wizja fotograficzna wobec okularocentryzmu w sztuce I po\u0142owy XX wieku\">\n\t\t<img loading=\"lazy\" decoding=\"async\" width=\"247\" height=\"375\" src=\"https:\/\/arthist.amu.edu.pl\/en\/wp-content\/uploads\/sites\/2\/2022\/08\/Foto-oko.-Wizja-fotograficzna-wobec-okularocentryzmu-w-sztuce-I-polowy-XX-wieku-.jpg\" class=\"attachment-315x375 size-315x375\" alt=\"\" srcset=\"https:\/\/arthist.amu.edu.pl\/en\/wp-content\/uploads\/sites\/2\/2022\/08\/Foto-oko.-Wizja-fotograficzna-wobec-okularocentryzmu-w-sztuce-I-polowy-XX-wieku-.jpg 515w, https:\/\/arthist.amu.edu.pl\/en\/wp-content\/uploads\/sites\/2\/2022\/08\/Foto-oko.-Wizja-fotograficzna-wobec-okularocentryzmu-w-sztuce-I-polowy-XX-wieku--198x300.jpg 198w\" sizes=\"auto, (max-width: 247px) 100vw, 247px\" \/>\t<\/a>\n<\/div>\n<h3 itemprop=\"name\" class=\"novelist-book-title\">\n\t<a title=\"Foto-oko. Wizja fotograficzna wobec okularocentryzmu w sztuce I po\u0142owy XX wieku\" itemprop=\"url\" href=\"https:\/\/arthist.amu.edu.pl\/en\/books\/foto-oko-wizja-fotograficzna-wobec-okularocentryzmu-w-sztuce-i-polowy-xx-wieku-2\/\">Foto-oko. Wizja fotograficzna wobec okularocentryzmu w sztuce I po\u0142owy XX wieku<\/a>\n<\/h3>\n\n\t<div itemprop=\"description\" class=\"novelist-book-excerpt\">\n\t\tFotografia jest wynalazkiem \u015bwiata zachodniego, w kt\u00f3rym oko (metaforyczne) od wiek\u00f3w zajmowa\u0142o w procesach poznawczych wyj\u0105tkowe miejsce w\u015br\u00f3d zmys\u0142\u00f3w. Na fundamencie okularocentryzmu fotografia sta\u0142a si\u0119 uprzywilejowanym narz\u0119dziem w\u0142adzy i rozmaitych&hellip;\t<\/div>\n\t\t\t\t\t<\/div>\n\t\t\t\t\t\t\t\t\t<div id=\"novelist-book-2121\" class=\"novelist-book novelist-covers-align-center\" itemscope itemtype=\"http:\/\/schema.org\/Book\">\n\t\t\t\t\t\t<div class=\"novelist-book-cover-image\">\n\t<a href=\"https:\/\/arthist.amu.edu.pl\/en\/books\/obrazy-mocne-obrazy-slabe-studia-z-teorii-i-historii-badan-nad-sztuka-2\/\" title=\"Obrazy mocne \u2013 obrazy s\u0142abe. Studia z teorii i historii bada\u0144 nad sztuk\u0105\">\n\t\t<img loading=\"lazy\" decoding=\"async\" width=\"283\" height=\"375\" src=\"https:\/\/arthist.amu.edu.pl\/en\/wp-content\/uploads\/sites\/2\/2022\/08\/Obrazy-mocne-\u2013-obrazy-slabe.-Studia-z-teorii-i-historii-badan-nad-sztuka.jpg\" class=\"attachment-315x375 size-315x375\" alt=\"\" srcset=\"https:\/\/arthist.amu.edu.pl\/en\/wp-content\/uploads\/sites\/2\/2022\/08\/Obrazy-mocne-\u2013-obrazy-slabe.-Studia-z-teorii-i-historii-badan-nad-sztuka.jpg 480w, https:\/\/arthist.amu.edu.pl\/en\/wp-content\/uploads\/sites\/2\/2022\/08\/Obrazy-mocne-\u2013-obrazy-slabe.-Studia-z-teorii-i-historii-badan-nad-sztuka-227x300.jpg 227w\" sizes=\"auto, (max-width: 283px) 100vw, 283px\" \/>\t<\/a>\n<\/div>\n<h3 itemprop=\"name\" class=\"novelist-book-title\">\n\t<a title=\"Obrazy mocne \u2013 obrazy s\u0142abe. Studia z teorii i historii bada\u0144 nad sztuk\u0105\" itemprop=\"url\" href=\"https:\/\/arthist.amu.edu.pl\/en\/books\/obrazy-mocne-obrazy-slabe-studia-z-teorii-i-historii-badan-nad-sztuka-2\/\">Obrazy mocne \u2013 obrazy s\u0142abe. Studia z teorii i historii bada\u0144 nad sztuk\u0105<\/a>\n<\/h3>\n\n\t<div itemprop=\"description\" class=\"novelist-book-excerpt\">\n\t\tMonografia jest zbiorem artyku\u0142\u00f3w polskich historyk\u00f3w sztuki, po\u015bwi\u0119conych r\u00f3\u017cnym sposobom rozumienia potencja\u0142u dzie\u0142 i form wizualno\u015bci. Studia obejmuj\u0105 szeroki materia\u0142 historyczny (od nowo\u017cytno\u015bci do wsp\u00f3\u0142czesno\u015bci), stwarzaj\u0105c mo\u017cliwo\u015b\u0107 dokonania istotnych rozr\u00f3\u017cnie\u0144&hellip;\t<\/div>\n\t\t\t\t\t<\/div>\n\t\t\t\t\t\t\t\t\t<div id=\"novelist-book-2119\" class=\"novelist-book novelist-covers-align-center\" itemscope itemtype=\"http:\/\/schema.org\/Book\">\n\t\t\t\t\t\t<div class=\"novelist-book-cover-image\">\n\t<a href=\"https:\/\/arthist.amu.edu.pl\/en\/books\/atanazy-raczynski-dziennik-tom-i-wspomnienia-z-dziecinstwa-oraz-dziennik-1808-1830-2\/\" title=\"Atanazy Raczy\u0144ski, Dziennik, tom I: Wspomnienia z dzieci\u0144stwa oraz Dziennik 1808\u20131830\">\n\t\t<img loading=\"lazy\" decoding=\"async\" width=\"252\" height=\"375\" src=\"https:\/\/arthist.amu.edu.pl\/en\/wp-content\/uploads\/sites\/2\/2022\/08\/Atanazy-Raczynski-Dziennik-tom-I-Wspomnienia-z-dziecinstwa-oraz-Dziennik-1808\u20131830-2.jpg\" class=\"attachment-315x375 size-315x375\" alt=\"\" srcset=\"https:\/\/arthist.amu.edu.pl\/en\/wp-content\/uploads\/sites\/2\/2022\/08\/Atanazy-Raczynski-Dziennik-tom-I-Wspomnienia-z-dziecinstwa-oraz-Dziennik-1808\u20131830-2.jpg 418w, https:\/\/arthist.amu.edu.pl\/en\/wp-content\/uploads\/sites\/2\/2022\/08\/Atanazy-Raczynski-Dziennik-tom-I-Wspomnienia-z-dziecinstwa-oraz-Dziennik-1808\u20131830-2-202x300.jpg 202w\" sizes=\"auto, (max-width: 252px) 100vw, 252px\" \/>\t<\/a>\n<\/div>\n<h3 itemprop=\"name\" class=\"novelist-book-title\">\n\t<a title=\"Atanazy Raczy\u0144ski, Dziennik, tom I: Wspomnienia z dzieci\u0144stwa oraz Dziennik 1808\u20131830\" itemprop=\"url\" href=\"https:\/\/arthist.amu.edu.pl\/en\/books\/atanazy-raczynski-dziennik-tom-i-wspomnienia-z-dziecinstwa-oraz-dziennik-1808-1830-2\/\">Atanazy Raczy\u0144ski, Dziennik, tom I: Wspomnienia z dzieci\u0144stwa oraz Dziennik 1808\u20131830<\/a>\n<\/h3>\n\n\t<div itemprop=\"description\" class=\"novelist-book-excerpt\">\n\t\tDziennik Atanazego Raczy\u0144skiego (1788\u20131874) z lat 1808\u20131866, po raz pierwszy publikowany w tak obszernym wyborze, w polskim przek\u0142adzie i w krytycznym opracowaniu, nale\u017cy do najobszerniejszych, najbardziej znacz\u0105cych, a zarazem najmniej&hellip;\t<\/div>\n\t\t\t\t\t<\/div>\n\t\t\t\t\t\t\t\t\t<div id=\"novelist-book-2117\" class=\"novelist-book novelist-covers-align-center\" itemscope itemtype=\"http:\/\/schema.org\/Book\">\n\t\t\t\t\t\t<div class=\"novelist-book-cover-image\">\n\t<a href=\"https:\/\/arthist.amu.edu.pl\/en\/books\/globalne-ujecie-sztuki-europy-wschodniej-2\/\" title=\"Globalne uj\u0119cie sztuki Europy Wschodniej\">\n\t\t<img loading=\"lazy\" decoding=\"async\" width=\"266\" height=\"375\" src=\"https:\/\/arthist.amu.edu.pl\/en\/wp-content\/uploads\/sites\/2\/2022\/08\/Globalne-ujecie-sztuki-Europy-Wschodniej.jpg\" class=\"attachment-315x375 size-315x375\" alt=\"\" srcset=\"https:\/\/arthist.amu.edu.pl\/en\/wp-content\/uploads\/sites\/2\/2022\/08\/Globalne-ujecie-sztuki-Europy-Wschodniej.jpg 354w, https:\/\/arthist.amu.edu.pl\/en\/wp-content\/uploads\/sites\/2\/2022\/08\/Globalne-ujecie-sztuki-Europy-Wschodniej-212x300.jpg 212w\" sizes=\"auto, (max-width: 266px) 100vw, 266px\" \/>\t<\/a>\n<\/div>\n<h3 itemprop=\"name\" class=\"novelist-book-title\">\n\t<a title=\"Globalne uj\u0119cie sztuki Europy Wschodniej\" itemprop=\"url\" href=\"https:\/\/arthist.amu.edu.pl\/en\/books\/globalne-ujecie-sztuki-europy-wschodniej-2\/\">Globalne uj\u0119cie sztuki Europy Wschodniej<\/a>\n<\/h3>\n\n\t<div itemprop=\"description\" class=\"novelist-book-excerpt\">\n\t\tOstatnie dzie\u0142o wybitnego historyka sztuki o wielkiej wra\u017cliwo\u015bci spo\u0142ecznej to studium peryferii artystycznych \u015bwiata, wyklucze\u0144 z g\u0142\u00f3wnej historycznoartystycznej narracji. Autor szuka metod odwracania, podwa\u017cania tej\u017ce narracji, ujawniaj\u0105c przy tym artystyczne&hellip;\t<\/div>\n\t\t\t\t\t<\/div>\n\t\t\t\t\t\t\t\t\t<div id=\"novelist-book-2115\" class=\"novelist-book novelist-covers-align-center\" itemscope itemtype=\"http:\/\/schema.org\/Book\">\n\t\t\t\t\t\t<div class=\"novelist-book-cover-image\">\n\t<a href=\"https:\/\/arthist.amu.edu.pl\/en\/books\/all-women-art-spaces-in-europe-in-the-long-1970s\/\" title=\"All-women art spaces in Europe in the long 1970s\">\n\t\t<img loading=\"lazy\" decoding=\"async\" width=\"252\" height=\"375\" src=\"https:\/\/arthist.amu.edu.pl\/en\/wp-content\/uploads\/sites\/2\/2022\/08\/All-women-art-spaces-in-Europe-in-the-long-1970sl-1.jpg\" class=\"attachment-315x375 size-315x375\" alt=\"\" srcset=\"https:\/\/arthist.amu.edu.pl\/en\/wp-content\/uploads\/sites\/2\/2022\/08\/All-women-art-spaces-in-Europe-in-the-long-1970sl-1.jpg 380w, https:\/\/arthist.amu.edu.pl\/en\/wp-content\/uploads\/sites\/2\/2022\/08\/All-women-art-spaces-in-Europe-in-the-long-1970sl-1-201x300.jpg 201w\" sizes=\"auto, (max-width: 252px) 100vw, 252px\" \/>\t<\/a>\n<\/div>\n<h3 itemprop=\"name\" class=\"novelist-book-title\">\n\t<a title=\"All-women art spaces in Europe in the long 1970s\" itemprop=\"url\" href=\"https:\/\/arthist.amu.edu.pl\/en\/books\/all-women-art-spaces-in-europe-in-the-long-1970s\/\">All-women art spaces in Europe in the long 1970s<\/a>\n<\/h3>\n\n\t<div itemprop=\"description\" class=\"novelist-book-excerpt\">\n\t\tThe texts gathered in this volume embrace women artists-only exhibitions, festivals, collective art projects, groups and associations, organised in the long 1970s in Europe (1968-1984). These all-women art initiatives are&hellip;\t<\/div>\n\t\t\t\t\t<\/div>\n\t\t\t\t\t\t\t\t\t<div id=\"novelist-book-2113\" class=\"novelist-book novelist-covers-align-center\" itemscope itemtype=\"http:\/\/schema.org\/Book\">\n\t\t\t\t\t\t<div class=\"novelist-book-cover-image\">\n\t<a href=\"https:\/\/arthist.amu.edu.pl\/en\/books\/zycie-starozytnych-posagow-2\/\" title=\"\u017bycie staro\u017cytnych pos\u0105g\u00f3w\">\n\t\t<img loading=\"lazy\" decoding=\"async\" width=\"258\" height=\"375\" src=\"https:\/\/arthist.amu.edu.pl\/en\/wp-content\/uploads\/sites\/2\/2022\/08\/Zycie-starozytnych-posagow.jpg\" class=\"attachment-315x375 size-315x375\" alt=\"\" srcset=\"https:\/\/arthist.amu.edu.pl\/en\/wp-content\/uploads\/sites\/2\/2022\/08\/Zycie-starozytnych-posagow.jpg 450w, https:\/\/arthist.amu.edu.pl\/en\/wp-content\/uploads\/sites\/2\/2022\/08\/Zycie-starozytnych-posagow-207x300.jpg 207w\" sizes=\"auto, (max-width: 258px) 100vw, 258px\" \/>\t<\/a>\n<\/div>\n<h3 itemprop=\"name\" class=\"novelist-book-title\">\n\t<a title=\"\u017bycie staro\u017cytnych pos\u0105g\u00f3w\" itemprop=\"url\" href=\"https:\/\/arthist.amu.edu.pl\/en\/books\/zycie-starozytnych-posagow-2\/\">\u017bycie staro\u017cytnych pos\u0105g\u00f3w<\/a>\n<\/h3>\n\n\t<div itemprop=\"description\" class=\"novelist-book-excerpt\">\n\t\tW \u017byciu staro\u017cytnych pos\u0105g\u00f3w po raz pierwszy przedstawiono i wyja\u015bniono pewien fenomen kultur staro\u017cytnych - przypisywania pos\u0105gom przejaw\u00f3w \u017cycia podobnych do ludzkich. Pos\u0105gi by\u0142y czczone: okadzane, namaszczane, poddawane ablucjom i&hellip;\t<\/div>\n\t\t\t\t\t<\/div>\n\t\t\t\t\t\t\t\t\t<div id=\"novelist-book-2111\" class=\"novelist-book novelist-covers-align-center\" itemscope itemtype=\"http:\/\/schema.org\/Book\">\n\t\t\t\t\t\t<div class=\"novelist-book-cover-image\">\n\t<a href=\"https:\/\/arthist.amu.edu.pl\/en\/books\/sarmacja-obalanie-mitow-podrecznik-bojowy-2\/\" title=\"Sarmacja. Obalanie mit\u00f3w. Podr\u0119cznik bojowy\">\n\t\t<img loading=\"lazy\" decoding=\"async\" width=\"247\" height=\"375\" src=\"https:\/\/arthist.amu.edu.pl\/en\/wp-content\/uploads\/sites\/2\/2022\/08\/sarmacja-obalanie-mitow-podrecznik-bojowy-1.jpg\" class=\"attachment-315x375 size-315x375\" alt=\"\" srcset=\"https:\/\/arthist.amu.edu.pl\/en\/wp-content\/uploads\/sites\/2\/2022\/08\/sarmacja-obalanie-mitow-podrecznik-bojowy-1.jpg 429w, https:\/\/arthist.amu.edu.pl\/en\/wp-content\/uploads\/sites\/2\/2022\/08\/sarmacja-obalanie-mitow-podrecznik-bojowy-1-197x300.jpg 197w\" sizes=\"auto, (max-width: 247px) 100vw, 247px\" \/>\t<\/a>\n<\/div>\n<h3 itemprop=\"name\" class=\"novelist-book-title\">\n\t<a title=\"Sarmacja. Obalanie mit\u00f3w. Podr\u0119cznik bojowy\" itemprop=\"url\" href=\"https:\/\/arthist.amu.edu.pl\/en\/books\/sarmacja-obalanie-mitow-podrecznik-bojowy-2\/\">Sarmacja. Obalanie mit\u00f3w. Podr\u0119cznik bojowy<\/a>\n<\/h3>\n\n\t<div itemprop=\"description\" class=\"novelist-book-excerpt\">\n\t\tCzasy sarmackie \u2013 czy tylko Z\u0142ota Wolno\u015b\u0107 i anarchia, kt\u00f3re rozsadzi\u0142y Rzeczpospolit\u0105 od \u015brodka? Czy tylko ko\u0142tuneria mimo podgolonych \u0142b\u00f3w? Czy na pewno wzrastaj\u0105ca nietolerancja katolickiej Sarmacji oraz krwawa kolonia,&hellip;\t<\/div>\n\t\t\t\t\t<\/div>\n\t\t\t\t\t\t\t\t\t<div id=\"novelist-book-2109\" class=\"novelist-book novelist-covers-align-center\" itemscope itemtype=\"http:\/\/schema.org\/Book\">\n\t\t\t\t\t\t<div class=\"novelist-book-cover-image\">\n\t<a href=\"https:\/\/arthist.amu.edu.pl\/en\/books\/wybor-i-koniecznosc-kolekcje-arystokracji-polskiej-w-wielkopolsce-na-przelomie-xix-i-xx-wieku-2\/\" title=\"Wyb\u00f3r i konieczno\u015b\u0107. Kolekcje arystokracji polskiej w Wielkopolsce na prze\u0142omie XIX i XX wieku\">\n\t\t<img loading=\"lazy\" decoding=\"async\" width=\"266\" height=\"375\" src=\"https:\/\/arthist.amu.edu.pl\/en\/wp-content\/uploads\/sites\/2\/2022\/08\/Wybor-i-koniecznosc.-Kolekcje-arystokracji-polskiej-w-Wielkopolsce-na-przelomie-XIX-i-XX-wieku.jpg\" class=\"attachment-315x375 size-315x375\" alt=\"\" srcset=\"https:\/\/arthist.amu.edu.pl\/en\/wp-content\/uploads\/sites\/2\/2022\/08\/Wybor-i-koniecznosc.-Kolekcje-arystokracji-polskiej-w-Wielkopolsce-na-przelomie-XIX-i-XX-wieku.jpg 447w, https:\/\/arthist.amu.edu.pl\/en\/wp-content\/uploads\/sites\/2\/2022\/08\/Wybor-i-koniecznosc.-Kolekcje-arystokracji-polskiej-w-Wielkopolsce-na-przelomie-XIX-i-XX-wieku-213x300.jpg 213w\" sizes=\"auto, (max-width: 266px) 100vw, 266px\" \/>\t<\/a>\n<\/div>\n<h3 itemprop=\"name\" class=\"novelist-book-title\">\n\t<a title=\"Wyb\u00f3r i konieczno\u015b\u0107. Kolekcje arystokracji polskiej w Wielkopolsce na prze\u0142omie XIX i XX wieku\" itemprop=\"url\" href=\"https:\/\/arthist.amu.edu.pl\/en\/books\/wybor-i-koniecznosc-kolekcje-arystokracji-polskiej-w-wielkopolsce-na-przelomie-xix-i-xx-wieku-2\/\">Wyb\u00f3r i konieczno\u015b\u0107. Kolekcje arystokracji polskiej w Wielkopolsce na prze\u0142omie XIX i XX wieku<\/a>\n<\/h3>\n\n\t<div itemprop=\"description\" class=\"novelist-book-excerpt\">\n\t\tKsi\u0105\u017cka podejmuje temat kolekcjonerstwa arystokracji \u2013 wyj\u0105tkowej grupy spo\u0142ecznej, tradycyjnie kojarzonej z mecenatem artystycznym i zbieraniem dzie\u0142 sztuki. Punktem wyj\u015bcia jest ukazanie post\u0119powania poszczeg\u00f3lnych kolekcjoner\u00f3w, konkretnych jednostek, tworz\u0105cych swoje zbiory&hellip;\t<\/div>\n\t\t\t\t\t<\/div>\n\t\t\t\t\t\t\t\t\t<div id=\"novelist-book-2107\" class=\"novelist-book novelist-covers-align-center\" itemscope itemtype=\"http:\/\/schema.org\/Book\">\n\t\t\t\t\t\t<div class=\"novelist-book-cover-image\">\n\t<a href=\"https:\/\/arthist.amu.edu.pl\/en\/books\/z-dziejow-historii-sztuki-polska-niemcy-europa-2\/\" title=\"Z dziej\u00f3w historii sztuki. Polska, Niemcy, Europa\">\n\t\t<img loading=\"lazy\" decoding=\"async\" width=\"259\" height=\"375\" src=\"https:\/\/arthist.amu.edu.pl\/en\/wp-content\/uploads\/sites\/2\/2022\/08\/Z-dziejow-historii-sztuki.-Polska-Niemcy-Europa.jpg\" class=\"attachment-315x375 size-315x375\" alt=\"\" srcset=\"https:\/\/arthist.amu.edu.pl\/en\/wp-content\/uploads\/sites\/2\/2022\/08\/Z-dziejow-historii-sztuki.-Polska-Niemcy-Europa.jpg 309w, https:\/\/arthist.amu.edu.pl\/en\/wp-content\/uploads\/sites\/2\/2022\/08\/Z-dziejow-historii-sztuki.-Polska-Niemcy-Europa-207x300.jpg 207w\" sizes=\"auto, (max-width: 259px) 100vw, 259px\" \/>\t<\/a>\n<\/div>\n<h3 itemprop=\"name\" class=\"novelist-book-title\">\n\t<a title=\"Z dziej\u00f3w historii sztuki. Polska, Niemcy, Europa\" itemprop=\"url\" href=\"https:\/\/arthist.amu.edu.pl\/en\/books\/z-dziejow-historii-sztuki-polska-niemcy-europa-2\/\">Z dziej\u00f3w historii sztuki. Polska, Niemcy, Europa<\/a>\n<\/h3>\n\n\t<div itemprop=\"description\" class=\"novelist-book-excerpt\">\n\t\tKsi\u0105\u017cka jest zbiorem studi\u00f3w po\u015bwi\u0119conych refleksji nad dziejami historiografii artystycznej w XIX i XX wieku. Wi\u0119kszo\u015b\u0107 z nich dotyczy historii sztuki akademicko-uniwersyteckiej, jej dyskurs\u00f3w, instytucji i przedstawicieli. G\u0142\u00f3wne \u017ar\u00f3d\u0142o opracowa\u0144&hellip;\t<\/div>\n\t\t\t\t\t<\/div>\n\t\t\t\t\t\t\t<\/div>\n\n\t\t\t\t\t\t\t\t<div id=\"novelist-book-pagination\" class=\"pagination\">\n\t\t\t\t\t\t<span aria-current=\"page\" class=\"page-numbers current\">1<\/span>\n<a class=\"page-numbers\" href=\"https:\/\/arthist.amu.edu.pl\/en\/wp-json\/wp\/v2\/pages\/487\/page\/2\/\">2<\/a>\n<a class=\"page-numbers\" href=\"https:\/\/arthist.amu.edu.pl\/en\/wp-json\/wp\/v2\/pages\/487\/page\/3\/\">3<\/a>\n<a class=\"next page-numbers\" href=\"https:\/\/arthist.amu.edu.pl\/en\/wp-json\/wp\/v2\/pages\/487\/page\/2\/\">Next &raquo;<\/a>\t\t\t\t\t<\/div>\n\t\t\t\t\t\n","protected":false},"excerpt":{"rendered":"<a href=\"https:\/\/arthist.amu.edu.pl\/en\/books\/z-dziejow-historii-sztuki-polska-niemcy-europa-2\/\"><img width=\"150\" height=\"217\" src=\"https:\/\/arthist.amu.edu.pl\/en\/wp-content\/uploads\/sites\/2\/2022\/08\/Z-dziejow-historii-sztuki.-Polska-Niemcy-Europa.jpg\" class=\"novelist-cover-image alignleft\" alt=\"\" decoding=\"async\" loading=\"lazy\" srcset=\"https:\/\/arthist.amu.edu.pl\/en\/wp-content\/uploads\/sites\/2\/2022\/08\/Z-dziejow-historii-sztuki.-Polska-Niemcy-Europa.jpg 309w, https:\/\/arthist.amu.edu.pl\/en\/wp-content\/uploads\/sites\/2\/2022\/08\/Z-dziejow-historii-sztuki.-Polska-Niemcy-Europa-207x300.jpg 207w\" sizes=\"auto, (max-width: 150px) 100vw, 150px\" \/><\/a><p>Ksi\u0105\u017cka jest zbiorem studi\u00f3w po\u015bwi\u0119conych refleksji nad dziejami historiografii artystycznej w XIX i XX wieku. Wi\u0119kszo\u015b\u0107 z nich dotyczy historii sztuki akademicko-uniwersyteckiej, jej dyskurs\u00f3w, instytucji i przedstawicieli. G\u0142\u00f3wne \u017ar\u00f3d\u0142o opracowa\u0144 tkwi w kultywowanych przez autora od pocz\u0105tku pracy badawczej zainteresowaniach dla pyta\u0144 o samowiedz\u0119 metodologiczn\u0105 i histori\u0119 dyscypliny, o uwarunkowania podejmowanych przez ni\u0105 zada\u0144 i dokonuj\u0105cych si\u0119 w jej obr\u0119bie proces\u00f3w poznawczych, w tym zwi\u0105zk\u00f3w mi\u0119dzy nauk\u0105 i politycznymi interesami. Nie jest jednak przypadkiem, i\u017c po roku 1989 \u2013 roku przemiany polityczno-ustrojowej w Polsce i w Europie \u015arodkowej oraz czasie rewizji utrwalonych pogl\u0105d\u00f3w i opinii \u2013 ciekawo\u015b\u0107 dla tych spraw otrzyma\u0142a mocny impuls rozwojowy; w rezultacie sk\u0142adaj\u0105ce si\u0119 na ksi\u0105\u017ck\u0119 teksty, z wyj\u0105tkiem jednego, powsta\u0142y w okresie intelektualnego fermentu, kt\u00f3rego sk\u0142adnikiem istotnym by\u0142 zwrot historii sztuki ku swej przesz\u0142o\u015bci. Znaczny w niej udzia\u0142 maj\u0105 studia traktuj\u0105ce o historiografiach niemieckiej i polskiej, o ich przeciwstawnych stanowiskach i miejscach wsp\u00f3lnych, niekiedy zgo\u0142a symbiotycznym zwi\u0105zku w sytuacji konfliktu. W\u0142a\u015bnie na tym odcinku istotn\u0105 cezur\u0119 wyznacza wspomniany prze\u0142om roku 1989, kt\u00f3ry sta\u0142 si\u0119 podniet\u0105 do rekapitulacji wzajemnych obraz\u00f3w historiograficznych, rekapitulacji koniecznej wobec podejmowania bada\u0144 nad sztuk\u0105 w odmienionym otoczeniu intelektualnym i politycznym. W polu bada\u0144 znalaz\u0142y si\u0119 uniwersyteckie instytuty historii sztuki: obszerne studia przedstawiaj\u0105 dzieje historii sztuki na Uniwersytecie Fryderyka Wilhelma w Berlinie w latach 1810-1945 oraz na uniwersytecie w Poznaniu w dwudziestoleciu mi\u0119dzywojennym i na Reichsuniversit\u00e4t Posen w okresie okupacji hitlerowskiej. Wiele miejsca w ksi\u0105\u017cce zajmuj\u0105 szkice po\u015bwi\u0119cone rekonstrukcji postaw i praktyk badawczych wybitnych przedstawicieli dyscypliny, Karola Sterlinga, Otto P\u00e4chta, Zdzis\u0142awa K\u0119pi\u0144skiego i Martina Warnke.<\/p>\n","protected":false},"author":2,"featured_media":0,"parent":0,"menu_order":0,"comment_status":"closed","ping_status":"closed","template":"","meta":{"footnotes":""},"class_list":["post-487","page","type-page","status-publish","hentry"],"_links":{"self":[{"href":"https:\/\/arthist.amu.edu.pl\/en\/wp-json\/wp\/v2\/pages\/487","targetHints":{"allow":["GET"]}}],"collection":[{"href":"https:\/\/arthist.amu.edu.pl\/en\/wp-json\/wp\/v2\/pages"}],"about":[{"href":"https:\/\/arthist.amu.edu.pl\/en\/wp-json\/wp\/v2\/types\/page"}],"author":[{"embeddable":true,"href":"https:\/\/arthist.amu.edu.pl\/en\/wp-json\/wp\/v2\/users\/2"}],"replies":[{"embeddable":true,"href":"https:\/\/arthist.amu.edu.pl\/en\/wp-json\/wp\/v2\/comments?post=487"}],"version-history":[{"count":160,"href":"https:\/\/arthist.amu.edu.pl\/en\/wp-json\/wp\/v2\/pages\/487\/revisions"}],"predecessor-version":[{"id":2602,"href":"https:\/\/arthist.amu.edu.pl\/en\/wp-json\/wp\/v2\/pages\/487\/revisions\/2602"}],"wp:attachment":[{"href":"https:\/\/arthist.amu.edu.pl\/en\/wp-json\/wp\/v2\/media?parent=487"}],"curies":[{"name":"wp","href":"https:\/\/api.w.org\/{rel}","templated":true}]}}